{"id":1810,"date":"2026-08-27T22:02:52","date_gmt":"2026-08-27T20:02:52","guid":{"rendered":"https:\/\/terminador.es\/?page_id=1810"},"modified":"2026-08-27T23:08:04","modified_gmt":"2026-08-27T21:08:04","slug":"la-hora-t","status":"publish","type":"page","link":"https:\/\/terminador.es\/index.php\/la-hora-t\/","title":{"rendered":"La Hora T"},"content":{"rendered":"    <div class=\"lht\" id=\"lht-inicio\">\n      <header class=\"lht__nav\">\n        <a class=\"lht__brand\" href=\"#lht-inicio\">LA HORA <span>T<\/span><\/a>\n        <nav aria-label=\"Navegaci\u00f3n de La Hora T\">\n          <a href=\"#lht-proyecto\">El proyecto<\/a>\n          <a href=\"#lht-territorios\">Territorios<\/a>\n          <a href=\"#lht-episodios\">Episodios<\/a>\n          <a href=\"https:\/\/terminador.es\/index.php\/escuchar\/\">Escuchar<\/a>\n        <\/nav>\n      <\/header>\n\n      <section class=\"lht__hero\">\n        <div class=\"lht__hero-copy\">\n          <p class=\"lht__eyebrow\">Un podcast de Mustaf\u00e1 Mond<\/p>\n          <h1>Hay otra forma<br>de mirar el <em>tiempo.<\/em><\/h1>\n          <p class=\"lht__intro\">Una hora para detener el ruido. Cine, m\u00fasica, filosof\u00eda y cultura en una conversaci\u00f3n nocturna con las ideas que nos acompa\u00f1an.<\/p>\n          <a class=\"lht__link\" href=\"#lht-episodios\">Escuchar los episodios <span>\u2198<\/span><\/a>\n        <\/div>\n        <div class=\"lht__monogram\" aria-hidden=\"true\">\n          <span class=\"lht__orbit lht__orbit--one\"><\/span>\n          <span class=\"lht__orbit lht__orbit--two\"><\/span>\n          <div class=\"lht__t\">T<\/div>\n          <p>Tiempo<br>Tr\u00e1nsito<br>Transformaci\u00f3n<\/p>\n        <\/div>\n      <\/section>\n\n      <section class=\"lht__manifesto\" id=\"lht-proyecto\">\n        <p class=\"lht__label\">01 \u2014 El proyecto<\/p>\n        <div>\n          <blockquote>\u201cPensar no es alejarse del mundo.<br>Es aprender a verlo de nuevo.\u201d<\/blockquote>\n          <p class=\"lht__body\">La Hora T nace como un espacio de pausa: una experiencia radiof\u00f3nica donde la cultura no se explica desde un pedestal, sino que se recorre. Cada episodio parte de una pregunta y avanza entre pel\u00edculas, sonidos, libros y recuerdos hasta encontrar conexiones inesperadas.<\/p>\n        <\/div>\n      <\/section>\n\n      <section class=\"lht__territories\" id=\"lht-territorios\">\n        <p class=\"lht__label\">02 \u2014 Territorios<\/p>\n        <h2>Cuatro caminos.<br><em>Una misma inquietud.<\/em><\/h2>\n        <div class=\"lht__grid\">\n          <article><span>01<\/span><h3>Pensamiento<\/h3><p>Ideas que no buscan cerrar preguntas, sino abrirlas un poco m\u00e1s.<\/p><\/article>\n          <article><span>02<\/span><h3>Cine<\/h3><p>Im\u00e1genes, autores y pel\u00edculas que siguen hablando cuando termina la proyecci\u00f3n.<\/p><\/article>\n          <article><span>03<\/span><h3>M\u00fasica<\/h3><p>El sonido como memoria, atm\u00f3sfera y forma secreta de pensamiento.<\/p><\/article>\n          <article><span>04<\/span><h3>Cultura<\/h3><p>Se\u00f1ales del presente observadas sin prisa y desde sus m\u00e1rgenes.<\/p><\/article>\n        <\/div>\n      <\/section>\n\n            <section class=\"lht__episodes\" id=\"lht-episodios\">\n        <div class=\"lht__episodes-head\">\n          <p class=\"lht__label\">03 \u2014 Archivo sonoro<\/p>\n          <h2>Los episodios de<br><em>La Hora T.<\/em><\/h2>\n        <\/div>\n                  <div class=\"lht__episode-list\">\n                          <article class=\"lht__episode\">\n                <a class=\"lht__episode-image\" href=\"https:\/\/terminador.es\/index.php\/2026\/07\/05\/la-hora-t-0006-fin-de-temporada\/\" aria-label=\"La Hora T 0006 &#8211; Fin De Temporada\">\n                  <img decoding=\"async\" width=\"1024\" height=\"576\" src=\"https:\/\/terminador.es\/wp-content\/uploads\/2026\/07\/La-Hora-T-0006-1024x576.png\" class=\"attachment-large size-large wp-post-image\" alt=\"\" loading=\"lazy\" srcset=\"https:\/\/terminador.es\/wp-content\/uploads\/2026\/07\/La-Hora-T-0006-1024x576.png 1024w, https:\/\/terminador.es\/wp-content\/uploads\/2026\/07\/La-Hora-T-0006-300x169.png 300w, https:\/\/terminador.es\/wp-content\/uploads\/2026\/07\/La-Hora-T-0006-768x432.png 768w, https:\/\/terminador.es\/wp-content\/uploads\/2026\/07\/La-Hora-T-0006-1536x864.png 1536w, https:\/\/terminador.es\/wp-content\/uploads\/2026\/07\/La-Hora-T-0006.png 1672w\" sizes=\"auto, (max-width: 1024px) 100vw, 1024px\" \/>                <\/a>\n                <div class=\"lht__episode-content\">\n                  <p class=\"lht__episode-date\">5 de julio de 2026<\/p>\n                  <h3><a href=\"https:\/\/terminador.es\/index.php\/2026\/07\/05\/la-hora-t-0006-fin-de-temporada\/\">La Hora T 0006 &#8211; Fin De Temporada<\/a><\/h3>\n                  <p class=\"lht__episode-excerpt\">La Hora T 0006 &#8211; Fin De Temporada M\u00fasica como memoria, atm\u00f3sfera y tiempo suspendido En esta serie de escuchas hemos recorrido una constelaci\u00f3n musical muy especial: Pink Floyd, Dead&hellip;<\/p>\n                                      <div class=\"lht__player\"><div class=\"mmp-player mmp-player--terminador \" data-mmp-player><audio preload=\"metadata\" src=\"https:\/\/demixtapes.es\/HoraT\/LaHoraT0006.mp3\"><\/audio><button class=\"mmp-player__play\" type=\"button\" aria-label=\"Reproducir episodio\"><span aria-hidden=\"true\">\u25b6<\/span><\/button><span class=\"mmp-player__time mmp-player__elapsed\">0:00<\/span><input class=\"mmp-player__progress\" type=\"range\" min=\"0\" max=\"1000\" value=\"0\" step=\"1\" aria-label=\"Posici\u00f3n del episodio\"><span class=\"mmp-player__time mmp-player__duration\">--:--<\/span><button class=\"mmp-player__speed\" type=\"button\" aria-label=\"Velocidad de reproducci\u00f3n\">1\u00d7<\/button><\/div><\/div>\n                                    <a class=\"lht__episode-more\" href=\"https:\/\/terminador.es\/index.php\/2026\/07\/05\/la-hora-t-0006-fin-de-temporada\/\">Abrir episodio <span>\u2192<\/span><\/a>\n                <\/div>\n              <\/article>\n                          <article class=\"lht__episode\">\n                <a class=\"lht__episode-image\" href=\"https:\/\/terminador.es\/index.php\/2026\/06\/21\/la-hora-t-0005\/\" aria-label=\"La Hora T 0005 &#8211; Contracultura\">\n                  <img decoding=\"async\" width=\"1024\" height=\"674\" src=\"https:\/\/terminador.es\/wp-content\/uploads\/2026\/06\/Film-still-documentary-Woodstock-Music-Art-Fair-August-1969-Bethel-New-York-1024x674.webp\" class=\"attachment-large size-large wp-post-image\" alt=\"\" loading=\"lazy\" srcset=\"https:\/\/terminador.es\/wp-content\/uploads\/2026\/06\/Film-still-documentary-Woodstock-Music-Art-Fair-August-1969-Bethel-New-York-1024x674.webp 1024w, https:\/\/terminador.es\/wp-content\/uploads\/2026\/06\/Film-still-documentary-Woodstock-Music-Art-Fair-August-1969-Bethel-New-York-300x197.webp 300w, https:\/\/terminador.es\/wp-content\/uploads\/2026\/06\/Film-still-documentary-Woodstock-Music-Art-Fair-August-1969-Bethel-New-York-768x505.webp 768w, https:\/\/terminador.es\/wp-content\/uploads\/2026\/06\/Film-still-documentary-Woodstock-Music-Art-Fair-August-1969-Bethel-New-York-1536x1011.webp 1536w, https:\/\/terminador.es\/wp-content\/uploads\/2026\/06\/Film-still-documentary-Woodstock-Music-Art-Fair-August-1969-Bethel-New-York.webp 1600w\" sizes=\"auto, (max-width: 1024px) 100vw, 1024px\" \/>                <\/a>\n                <div class=\"lht__episode-content\">\n                  <p class=\"lht__episode-date\">21 de junio de 2026<\/p>\n                  <h3><a href=\"https:\/\/terminador.es\/index.php\/2026\/06\/21\/la-hora-t-0005\/\">La Hora T 0005 &#8211; Contracultura<\/a><\/h3>\n                  <p class=\"lht__episode-excerpt\">La Hora T 0005 La contracultura no es simplemente llevar la contraria ni adoptar una est\u00e9tica alternativa. En su sentido m\u00e1s profundo, es una forma de cuestionar la vida considerada&hellip;<\/p>\n                                      <div class=\"lht__player\"><div class=\"mmp-player mmp-player--terminador \" data-mmp-player><audio preload=\"metadata\" src=\"https:\/\/demixtapes.es\/HoraT\/LaHoraT0005.mp3\"><\/audio><button class=\"mmp-player__play\" type=\"button\" aria-label=\"Reproducir episodio\"><span aria-hidden=\"true\">\u25b6<\/span><\/button><span class=\"mmp-player__time mmp-player__elapsed\">0:00<\/span><input class=\"mmp-player__progress\" type=\"range\" min=\"0\" max=\"1000\" value=\"0\" step=\"1\" aria-label=\"Posici\u00f3n del episodio\"><span class=\"mmp-player__time mmp-player__duration\">--:--<\/span><button class=\"mmp-player__speed\" type=\"button\" aria-label=\"Velocidad de reproducci\u00f3n\">1\u00d7<\/button><\/div><\/div>\n                                    <a class=\"lht__episode-more\" href=\"https:\/\/terminador.es\/index.php\/2026\/06\/21\/la-hora-t-0005\/\">Abrir episodio <span>\u2192<\/span><\/a>\n                <\/div>\n              <\/article>\n                          <article class=\"lht__episode\">\n                <a class=\"lht__episode-image\" href=\"https:\/\/terminador.es\/index.php\/2026\/06\/07\/la-hora-t-0004\/\" aria-label=\"La Hora T 0004 &#8211; Movimiento Fluxus\">\n                  <img decoding=\"async\" width=\"1024\" height=\"1024\" src=\"https:\/\/terminador.es\/wp-content\/uploads\/2026\/05\/ChatGPT-Image-15-may-2026-10_51_20-1-1024x1024.png\" class=\"attachment-large size-large wp-post-image\" alt=\"\" loading=\"lazy\" srcset=\"https:\/\/terminador.es\/wp-content\/uploads\/2026\/05\/ChatGPT-Image-15-may-2026-10_51_20-1-1024x1024.png 1024w, https:\/\/terminador.es\/wp-content\/uploads\/2026\/05\/ChatGPT-Image-15-may-2026-10_51_20-1-300x300.png 300w, https:\/\/terminador.es\/wp-content\/uploads\/2026\/05\/ChatGPT-Image-15-may-2026-10_51_20-1-150x150.png 150w, https:\/\/terminador.es\/wp-content\/uploads\/2026\/05\/ChatGPT-Image-15-may-2026-10_51_20-1-768x768.png 768w, https:\/\/terminador.es\/wp-content\/uploads\/2026\/05\/ChatGPT-Image-15-may-2026-10_51_20-1.png 1254w\" sizes=\"auto, (max-width: 1024px) 100vw, 1024px\" \/>                <\/a>\n                <div class=\"lht__episode-content\">\n                  <p class=\"lht__episode-date\">7 de junio de 2026<\/p>\n                  <h3><a href=\"https:\/\/terminador.es\/index.php\/2026\/06\/07\/la-hora-t-0004\/\">La Hora T 0004 &#8211; Movimiento Fluxus<\/a><\/h3>\n                  <p class=\"lht__episode-excerpt\">La Hora T 0004 El movimiento Fluxus fue una corriente art\u00edstica internacional surgida a comienzos de los a\u00f1os sesenta que busc\u00f3 romper las fronteras tradicionales entre arte y vida cotidiana.&hellip;<\/p>\n                                      <div class=\"lht__player\"><div class=\"mmp-player mmp-player--terminador \" data-mmp-player><audio preload=\"metadata\" src=\"https:\/\/demixtapes.es\/HoraT\/LaHoraT0004.mp3\"><\/audio><button class=\"mmp-player__play\" type=\"button\" aria-label=\"Reproducir episodio\"><span aria-hidden=\"true\">\u25b6<\/span><\/button><span class=\"mmp-player__time mmp-player__elapsed\">0:00<\/span><input class=\"mmp-player__progress\" type=\"range\" min=\"0\" max=\"1000\" value=\"0\" step=\"1\" aria-label=\"Posici\u00f3n del episodio\"><span class=\"mmp-player__time mmp-player__duration\">--:--<\/span><button class=\"mmp-player__speed\" type=\"button\" aria-label=\"Velocidad de reproducci\u00f3n\">1\u00d7<\/button><\/div><\/div>\n                                    <a class=\"lht__episode-more\" href=\"https:\/\/terminador.es\/index.php\/2026\/06\/07\/la-hora-t-0004\/\">Abrir episodio <span>\u2192<\/span><\/a>\n                <\/div>\n              <\/article>\n                          <article class=\"lht__episode\">\n                <a class=\"lht__episode-image\" href=\"https:\/\/terminador.es\/index.php\/2026\/05\/24\/la-hora-t-0003\/\" aria-label=\"La Hora T 0003 &#8211; El Aura\">\n                  <img decoding=\"async\" width=\"1024\" height=\"576\" src=\"https:\/\/terminador.es\/wp-content\/uploads\/2026\/05\/La-Hora-T-0003-1024x576.png\" class=\"attachment-large size-large wp-post-image\" alt=\"\" loading=\"lazy\" srcset=\"https:\/\/terminador.es\/wp-content\/uploads\/2026\/05\/La-Hora-T-0003-1024x576.png 1024w, https:\/\/terminador.es\/wp-content\/uploads\/2026\/05\/La-Hora-T-0003-300x169.png 300w, https:\/\/terminador.es\/wp-content\/uploads\/2026\/05\/La-Hora-T-0003-768x432.png 768w, https:\/\/terminador.es\/wp-content\/uploads\/2026\/05\/La-Hora-T-0003-1536x864.png 1536w, https:\/\/terminador.es\/wp-content\/uploads\/2026\/05\/La-Hora-T-0003.png 1672w\" sizes=\"auto, (max-width: 1024px) 100vw, 1024px\" \/>                <\/a>\n                <div class=\"lht__episode-content\">\n                  <p class=\"lht__episode-date\">24 de mayo de 2026<\/p>\n                  <h3><a href=\"https:\/\/terminador.es\/index.php\/2026\/05\/24\/la-hora-t-0003\/\">La Hora T 0003 &#8211; El Aura<\/a><\/h3>\n                  <p class=\"lht__episode-excerpt\">La Hora T 0003 El aura es un concepto presente en muchas tradiciones espirituales y esot\u00e9ricas que describe un campo de energ\u00eda sutil que rodea a los seres vivos. Se&hellip;<\/p>\n                                      <div class=\"lht__player\"><div class=\"mmp-player mmp-player--terminador \" data-mmp-player><audio preload=\"metadata\" src=\"https:\/\/demixtapes.es\/HoraT\/LaHoraT0003.mp3\"><\/audio><button class=\"mmp-player__play\" type=\"button\" aria-label=\"Reproducir episodio\"><span aria-hidden=\"true\">\u25b6<\/span><\/button><span class=\"mmp-player__time mmp-player__elapsed\">0:00<\/span><input class=\"mmp-player__progress\" type=\"range\" min=\"0\" max=\"1000\" value=\"0\" step=\"1\" aria-label=\"Posici\u00f3n del episodio\"><span class=\"mmp-player__time mmp-player__duration\">--:--<\/span><button class=\"mmp-player__speed\" type=\"button\" aria-label=\"Velocidad de reproducci\u00f3n\">1\u00d7<\/button><\/div><\/div>\n                                    <a class=\"lht__episode-more\" href=\"https:\/\/terminador.es\/index.php\/2026\/05\/24\/la-hora-t-0003\/\">Abrir episodio <span>\u2192<\/span><\/a>\n                <\/div>\n              <\/article>\n                          <article class=\"lht__episode\">\n                <a class=\"lht__episode-image\" href=\"https:\/\/terminador.es\/index.php\/2026\/05\/10\/la-hora-t-0002\/\" aria-label=\"La Hora T 0002 &#8211; El Or\u00e1culo De Delfos\">\n                  <img decoding=\"async\" width=\"1024\" height=\"768\" src=\"https:\/\/terminador.es\/wp-content\/uploads\/2026\/05\/La-Hora-T-0002-1024x768.png\" class=\"attachment-large size-large wp-post-image\" alt=\"\" loading=\"lazy\" srcset=\"https:\/\/terminador.es\/wp-content\/uploads\/2026\/05\/La-Hora-T-0002-1024x768.png 1024w, https:\/\/terminador.es\/wp-content\/uploads\/2026\/05\/La-Hora-T-0002-300x225.png 300w, https:\/\/terminador.es\/wp-content\/uploads\/2026\/05\/La-Hora-T-0002-768x576.png 768w, https:\/\/terminador.es\/wp-content\/uploads\/2026\/05\/La-Hora-T-0002.png 1448w\" sizes=\"auto, (max-width: 1024px) 100vw, 1024px\" \/>                <\/a>\n                <div class=\"lht__episode-content\">\n                  <p class=\"lht__episode-date\">10 de mayo de 2026<\/p>\n                  <h3><a href=\"https:\/\/terminador.es\/index.php\/2026\/05\/10\/la-hora-t-0002\/\">La Hora T 0002 &#8211; El Or\u00e1culo De Delfos<\/a><\/h3>\n                  <p class=\"lht__episode-excerpt\">La Hora T 0002 El or\u00e1culo de Delfos fue el centro prof\u00e9tico m\u00e1s famoso de la Antigua Grecia. Estaba situado en Delfos, en las laderas del monte Parnaso, y estaba&hellip;<\/p>\n                                      <div class=\"lht__player\"><div class=\"mmp-player mmp-player--terminador \" data-mmp-player><audio preload=\"metadata\" src=\"https:\/\/demixtapes.es\/HoraT\/LaHoraT0002.mp3\"><\/audio><button class=\"mmp-player__play\" type=\"button\" aria-label=\"Reproducir episodio\"><span aria-hidden=\"true\">\u25b6<\/span><\/button><span class=\"mmp-player__time mmp-player__elapsed\">0:00<\/span><input class=\"mmp-player__progress\" type=\"range\" min=\"0\" max=\"1000\" value=\"0\" step=\"1\" aria-label=\"Posici\u00f3n del episodio\"><span class=\"mmp-player__time mmp-player__duration\">--:--<\/span><button class=\"mmp-player__speed\" type=\"button\" aria-label=\"Velocidad de reproducci\u00f3n\">1\u00d7<\/button><\/div><\/div>\n                                    <a class=\"lht__episode-more\" href=\"https:\/\/terminador.es\/index.php\/2026\/05\/10\/la-hora-t-0002\/\">Abrir episodio <span>\u2192<\/span><\/a>\n                <\/div>\n              <\/article>\n                          <article class=\"lht__episode\">\n                <a class=\"lht__episode-image\" href=\"https:\/\/terminador.es\/index.php\/2026\/04\/26\/la-hora-t-0001\/\" aria-label=\"La Hora T 0001 &#8211; Carl Jung\">\n                  <img decoding=\"async\" width=\"1024\" height=\"1024\" src=\"https:\/\/terminador.es\/wp-content\/uploads\/2026\/04\/La-Hora-T-0001.png\" class=\"attachment-large size-large wp-post-image\" alt=\"\" loading=\"lazy\" srcset=\"https:\/\/terminador.es\/wp-content\/uploads\/2026\/04\/La-Hora-T-0001.png 1024w, https:\/\/terminador.es\/wp-content\/uploads\/2026\/04\/La-Hora-T-0001-300x300.png 300w, https:\/\/terminador.es\/wp-content\/uploads\/2026\/04\/La-Hora-T-0001-150x150.png 150w, https:\/\/terminador.es\/wp-content\/uploads\/2026\/04\/La-Hora-T-0001-768x768.png 768w\" sizes=\"auto, (max-width: 1024px) 100vw, 1024px\" \/>                <\/a>\n                <div class=\"lht__episode-content\">\n                  <p class=\"lht__episode-date\">26 de abril de 2026<\/p>\n                  <h3><a href=\"https:\/\/terminador.es\/index.php\/2026\/04\/26\/la-hora-t-0001\/\">La Hora T 0001 &#8211; Carl Jung<\/a><\/h3>\n                  <p class=\"lht__episode-excerpt\">La Hora T 0001 Carl Jung, el inconsciente colectivo y los mitos universales En este podcast de La Hora T nos adentramos en una de las ideas m\u00e1s sugestivas y&hellip;<\/p>\n                                      <div class=\"lht__player\"><div class=\"mmp-player mmp-player--terminador \" data-mmp-player><audio preload=\"metadata\" src=\"https:\/\/demixtapes.es\/HoraT\/LaHoraT0001.mp3\"><\/audio><button class=\"mmp-player__play\" type=\"button\" aria-label=\"Reproducir episodio\"><span aria-hidden=\"true\">\u25b6<\/span><\/button><span class=\"mmp-player__time mmp-player__elapsed\">0:00<\/span><input class=\"mmp-player__progress\" type=\"range\" min=\"0\" max=\"1000\" value=\"0\" step=\"1\" aria-label=\"Posici\u00f3n del episodio\"><span class=\"mmp-player__time mmp-player__duration\">--:--<\/span><button class=\"mmp-player__speed\" type=\"button\" aria-label=\"Velocidad de reproducci\u00f3n\">1\u00d7<\/button><\/div><\/div>\n                                    <a class=\"lht__episode-more\" href=\"https:\/\/terminador.es\/index.php\/2026\/04\/26\/la-hora-t-0001\/\">Abrir episodio <span>\u2192<\/span><\/a>\n                <\/div>\n              <\/article>\n                          <article class=\"lht__episode\">\n                <a class=\"lht__episode-image\" href=\"https:\/\/terminador.es\/index.php\/2026\/04\/12\/la-hora-t-0000-piloto\/\" aria-label=\"La Hora T 0000 &#8211; Presentaci\u00f3n\">\n                  <img decoding=\"async\" width=\"1024\" height=\"584\" src=\"https:\/\/terminador.es\/wp-content\/uploads\/2026\/04\/La-Hora-T-0000-1024x584.jpg\" class=\"attachment-large size-large wp-post-image\" alt=\"\" loading=\"lazy\" srcset=\"https:\/\/terminador.es\/wp-content\/uploads\/2026\/04\/La-Hora-T-0000-1024x584.jpg 1024w, https:\/\/terminador.es\/wp-content\/uploads\/2026\/04\/La-Hora-T-0000-300x171.jpg 300w, https:\/\/terminador.es\/wp-content\/uploads\/2026\/04\/La-Hora-T-0000-768x438.jpg 768w, https:\/\/terminador.es\/wp-content\/uploads\/2026\/04\/La-Hora-T-0000-1536x876.jpg 1536w, https:\/\/terminador.es\/wp-content\/uploads\/2026\/04\/La-Hora-T-0000.jpg 1600w\" sizes=\"auto, (max-width: 1024px) 100vw, 1024px\" \/>                <\/a>\n                <div class=\"lht__episode-content\">\n                  <p class=\"lht__episode-date\">12 de abril de 2026<\/p>\n                  <h3><a href=\"https:\/\/terminador.es\/index.php\/2026\/04\/12\/la-hora-t-0000-piloto\/\">La Hora T 0000 &#8211; Presentaci\u00f3n<\/a><\/h3>\n                  <p class=\"lht__episode-excerpt\">La Hora T 0000 &#8211; Piloto La Hora T se presenta como un podcast dedicado a la cultura, la filosof\u00eda y la imaginaci\u00f3n entendidas como formas de habitar el tiempo.&hellip;<\/p>\n                                      <div class=\"lht__player\"><div class=\"mmp-player mmp-player--terminador \" data-mmp-player><audio preload=\"metadata\" src=\"https:\/\/demixtapes.es\/HoraT\/LaHoraT0000.mp3\"><\/audio><button class=\"mmp-player__play\" type=\"button\" aria-label=\"Reproducir episodio\"><span aria-hidden=\"true\">\u25b6<\/span><\/button><span class=\"mmp-player__time mmp-player__elapsed\">0:00<\/span><input class=\"mmp-player__progress\" type=\"range\" min=\"0\" max=\"1000\" value=\"0\" step=\"1\" aria-label=\"Posici\u00f3n del episodio\"><span class=\"mmp-player__time mmp-player__duration\">--:--<\/span><button class=\"mmp-player__speed\" type=\"button\" aria-label=\"Velocidad de reproducci\u00f3n\">1\u00d7<\/button><\/div><\/div>\n                                    <a class=\"lht__episode-more\" href=\"https:\/\/terminador.es\/index.php\/2026\/04\/12\/la-hora-t-0000-piloto\/\">Abrir episodio <span>\u2192<\/span><\/a>\n                <\/div>\n              <\/article>\n                      <\/div>\n              <\/section>\n\n      <section class=\"lht__closing\" id=\"lht-escuchar\">\n        <div><p class=\"lht__label\">04 \u2014 Nueva temporada<\/p><h2>La noche todav\u00eda<br>tiene algo que decir.<\/h2><\/div>\n        <div class=\"lht__closing-note\"><p>La nueva temporada de La Hora T est\u00e1 tomando forma. M\u00e1s cine, m\u00fasica y pensamiento para permanecer un poco m\u00e1s.<\/p><span>\u25cf EN PREPARACI\u00d3N<\/span><\/div>\n      <\/section>\n\n      <footer class=\"lht__footer\"><span>LA HORA T<\/span><span>\u00a9 2026 MUSTAF\u00c1 MOND<\/span><a href=\"#lht-inicio\">VOLVER ARRIBA \u2191<\/a><\/footer>\n    <\/div>\n    \n\n\n\n<p class=\"wp-block-paragraph\"><\/p>\n","protected":false},"excerpt":{"rendered":"","protected":false},"author":2,"featured_media":1828,"parent":0,"menu_order":0,"comment_status":"closed","ping_status":"closed","template":"","meta":{"footnotes":""},"class_list":["post-1810","page","type-page","status-publish","has-post-thumbnail","hentry"],"jetpack_sharing_enabled":true,"_links":{"self":[{"href":"https:\/\/terminador.es\/index.php\/wp-json\/wp\/v2\/pages\/1810","targetHints":{"allow":["GET"]}}],"collection":[{"href":"https:\/\/terminador.es\/index.php\/wp-json\/wp\/v2\/pages"}],"about":[{"href":"https:\/\/terminador.es\/index.php\/wp-json\/wp\/v2\/types\/page"}],"author":[{"embeddable":true,"href":"https:\/\/terminador.es\/index.php\/wp-json\/wp\/v2\/users\/2"}],"replies":[{"embeddable":true,"href":"https:\/\/terminador.es\/index.php\/wp-json\/wp\/v2\/comments?post=1810"}],"version-history":[{"count":4,"href":"https:\/\/terminador.es\/index.php\/wp-json\/wp\/v2\/pages\/1810\/revisions"}],"predecessor-version":[{"id":1824,"href":"https:\/\/terminador.es\/index.php\/wp-json\/wp\/v2\/pages\/1810\/revisions\/1824"}],"wp:featuredmedia":[{"embeddable":true,"href":"https:\/\/terminador.es\/index.php\/wp-json\/wp\/v2\/media\/1828"}],"wp:attachment":[{"href":"https:\/\/terminador.es\/index.php\/wp-json\/wp\/v2\/media?parent=1810"}],"curies":[{"name":"wp","href":"https:\/\/api.w.org\/{rel}","templated":true}]}}