{"id":1830,"date":"2026-08-28T10:39:14","date_gmt":"2026-08-28T08:39:14","guid":{"rendered":"https:\/\/terminador.es\/?page_id=1830"},"modified":"2026-08-28T10:39:16","modified_gmt":"2026-08-28T08:39:16","slug":"episodios-el-terminador","status":"publish","type":"page","link":"https:\/\/terminador.es\/index.php\/episodios-el-terminador\/","title":{"rendered":"Episodios \u00abEl Terminador\u00bb"},"content":{"rendered":"    <div class=\"etp\" id=\"etp-inicio\">\n      <header class=\"etp__hero\">\n        <div>\n          <p class=\"etp__eyebrow\">Archivo sonoro<\/p>\n          <h1>EL<br><span>TERMINADOR<\/span><\/h1>\n        <\/div>\n        <div class=\"etp__hero-copy\">\n          <p>La l\u00ednea que separa el d\u00eda y la noche.<\/p>\n          <a href=\"https:\/\/terminador.es\/index.php\/escuchar\/\">Escuchar archivo <span>\u2192<\/span><\/a>\n        <\/div>\n      <\/header>\n\n      <section class=\"etp__archive\" id=\"etp-episodios\">\n        <div class=\"etp__archive-head\">\n          <p>Emisiones publicadas<\/p>\n          <h2>Todos los episodios,<br>en un mismo lugar.<\/h2>\n        <\/div>\n\n                  <div class=\"etp__grid\">\n                          <article class=\"etp__episode\">\n                <a class=\"etp__image\" href=\"https:\/\/terminador.es\/index.php\/2026\/07\/09\/el-terminador-0233-final-de-temporada\/\" aria-label=\"El Terminador 0233 &#8211; Final De Temporada\">\n                  <img decoding=\"async\" width=\"1024\" height=\"576\" src=\"https:\/\/terminador.es\/wp-content\/uploads\/2026\/07\/El-Terminador-0233-1024x576.png\" class=\"attachment-large size-large wp-post-image\" alt=\"\" loading=\"lazy\" srcset=\"https:\/\/terminador.es\/wp-content\/uploads\/2026\/07\/El-Terminador-0233-1024x576.png 1024w, https:\/\/terminador.es\/wp-content\/uploads\/2026\/07\/El-Terminador-0233-300x169.png 300w, https:\/\/terminador.es\/wp-content\/uploads\/2026\/07\/El-Terminador-0233-768x432.png 768w, https:\/\/terminador.es\/wp-content\/uploads\/2026\/07\/El-Terminador-0233-1536x864.png 1536w, https:\/\/terminador.es\/wp-content\/uploads\/2026\/07\/El-Terminador-0233.png 1672w\" sizes=\"auto, (max-width: 1024px) 100vw, 1024px\" \/>                <\/a>\n                <div class=\"etp__content\">\n                  <p class=\"etp__date\">9 de julio de 2026<\/p>\n                  <h3><a href=\"https:\/\/terminador.es\/index.php\/2026\/07\/09\/el-terminador-0233-final-de-temporada\/\">El Terminador 0233 &#8211; Final De Temporada<\/a><\/h3>\n                  <p class=\"etp__excerpt\">El Terminador 0233 Situaci\u00f3n del mundo en 2026: un planeta en tensi\u00f3n administrad Un mundo que resiste, pero no descansa El mundo llega a&hellip;<\/p>\n                                      <div class=\"etp__player\"><div class=\"mmp-player mmp-player--terminador \" data-mmp-player><audio preload=\"metadata\" src=\"https:\/\/demixtapes.es\/fabulas\/ElTerminador0233.mp3\"><\/audio><button class=\"mmp-player__play\" type=\"button\" aria-label=\"Reproducir episodio\"><span aria-hidden=\"true\">\u25b6<\/span><\/button><span class=\"mmp-player__time mmp-player__elapsed\">0:00<\/span><input class=\"mmp-player__progress\" type=\"range\" min=\"0\" max=\"1000\" value=\"0\" step=\"1\" aria-label=\"Posici\u00f3n del episodio\"><span class=\"mmp-player__time mmp-player__duration\">--:--<\/span><button class=\"mmp-player__speed\" type=\"button\" aria-label=\"Velocidad de reproducci\u00f3n\">1\u00d7<\/button><\/div><\/div>\n                                    <a class=\"etp__more\" href=\"https:\/\/terminador.es\/index.php\/2026\/07\/09\/el-terminador-0233-final-de-temporada\/\">Abrir emisi\u00f3n <span>\u2192<\/span><\/a>\n                <\/div>\n              <\/article>\n                          <article class=\"etp__episode\">\n                <a class=\"etp__image\" href=\"https:\/\/terminador.es\/index.php\/2026\/07\/02\/el-terminador-0232\/\" aria-label=\"El Terminador 0232 &#8211; Formaci\u00f3n Universo\">\n                  <img decoding=\"async\" width=\"1024\" height=\"683\" src=\"https:\/\/terminador.es\/wp-content\/uploads\/2026\/07\/El-Terminador-0232-1024x683.png\" class=\"attachment-large size-large wp-post-image\" alt=\"\" loading=\"lazy\" srcset=\"https:\/\/terminador.es\/wp-content\/uploads\/2026\/07\/El-Terminador-0232-1024x683.png 1024w, https:\/\/terminador.es\/wp-content\/uploads\/2026\/07\/El-Terminador-0232-300x200.png 300w, https:\/\/terminador.es\/wp-content\/uploads\/2026\/07\/El-Terminador-0232-768x512.png 768w, https:\/\/terminador.es\/wp-content\/uploads\/2026\/07\/El-Terminador-0232.png 1536w\" sizes=\"auto, (max-width: 1024px) 100vw, 1024px\" \/>                <\/a>\n                <div class=\"etp__content\">\n                  <p class=\"etp__date\">2 de julio de 2026<\/p>\n                  <h3><a href=\"https:\/\/terminador.es\/index.php\/2026\/07\/02\/el-terminador-0232\/\">El Terminador 0232 &#8211; Formaci\u00f3n Universo<\/a><\/h3>\n                  <p class=\"etp__excerpt\">El Terminador 0232 Nuevas teor\u00edas sobre la formaci\u00f3n del universo La formaci\u00f3n del universo es una de las grandes preguntas de la ciencia, pero&hellip;<\/p>\n                                      <div class=\"etp__player\"><div class=\"mmp-player mmp-player--terminador \" data-mmp-player><audio preload=\"metadata\" src=\"https:\/\/demixtapes.es\/fabulas\/ElTerminador0232.mp3\"><\/audio><button class=\"mmp-player__play\" type=\"button\" aria-label=\"Reproducir episodio\"><span aria-hidden=\"true\">\u25b6<\/span><\/button><span class=\"mmp-player__time mmp-player__elapsed\">0:00<\/span><input class=\"mmp-player__progress\" type=\"range\" min=\"0\" max=\"1000\" value=\"0\" step=\"1\" aria-label=\"Posici\u00f3n del episodio\"><span class=\"mmp-player__time mmp-player__duration\">--:--<\/span><button class=\"mmp-player__speed\" type=\"button\" aria-label=\"Velocidad de reproducci\u00f3n\">1\u00d7<\/button><\/div><\/div>\n                                    <a class=\"etp__more\" href=\"https:\/\/terminador.es\/index.php\/2026\/07\/02\/el-terminador-0232\/\">Abrir emisi\u00f3n <span>\u2192<\/span><\/a>\n                <\/div>\n              <\/article>\n                          <article class=\"etp__episode\">\n                <a class=\"etp__image\" href=\"https:\/\/terminador.es\/index.php\/2026\/06\/25\/el-terminador-0231\/\" aria-label=\"El Terminador 0231 -Apocalipsis Zombie\">\n                  <img decoding=\"async\" width=\"1024\" height=\"576\" src=\"https:\/\/terminador.es\/wp-content\/uploads\/2026\/06\/El-Terminador-0231-1024x576.png\" class=\"attachment-large size-large wp-post-image\" alt=\"\" loading=\"lazy\" srcset=\"https:\/\/terminador.es\/wp-content\/uploads\/2026\/06\/El-Terminador-0231-1024x576.png 1024w, https:\/\/terminador.es\/wp-content\/uploads\/2026\/06\/El-Terminador-0231-300x169.png 300w, https:\/\/terminador.es\/wp-content\/uploads\/2026\/06\/El-Terminador-0231-768x432.png 768w, https:\/\/terminador.es\/wp-content\/uploads\/2026\/06\/El-Terminador-0231-1536x864.png 1536w, https:\/\/terminador.es\/wp-content\/uploads\/2026\/06\/El-Terminador-0231.png 1672w\" sizes=\"auto, (max-width: 1024px) 100vw, 1024px\" \/>                <\/a>\n                <div class=\"etp__content\">\n                  <p class=\"etp__date\">25 de junio de 2026<\/p>\n                  <h3><a href=\"https:\/\/terminador.es\/index.php\/2026\/06\/25\/el-terminador-0231\/\">El Terminador 0231 -Apocalipsis Zombie<\/a><\/h3>\n                  <p class=\"etp__excerpt\">El Terminador 0231 Apocalipsis zombie: una proyecci\u00f3n del colapso de la civilizaci\u00f3n Un apocalipsis zombie suele imaginarse como una historia de terror, persecuciones y&hellip;<\/p>\n                                      <div class=\"etp__player\"><div class=\"mmp-player mmp-player--terminador \" data-mmp-player><audio preload=\"metadata\" src=\"https:\/\/demixtapes.es\/fabulas\/ElTerminador0231.mp3\"><\/audio><button class=\"mmp-player__play\" type=\"button\" aria-label=\"Reproducir episodio\"><span aria-hidden=\"true\">\u25b6<\/span><\/button><span class=\"mmp-player__time mmp-player__elapsed\">0:00<\/span><input class=\"mmp-player__progress\" type=\"range\" min=\"0\" max=\"1000\" value=\"0\" step=\"1\" aria-label=\"Posici\u00f3n del episodio\"><span class=\"mmp-player__time mmp-player__duration\">--:--<\/span><button class=\"mmp-player__speed\" type=\"button\" aria-label=\"Velocidad de reproducci\u00f3n\">1\u00d7<\/button><\/div><\/div>\n                                    <a class=\"etp__more\" href=\"https:\/\/terminador.es\/index.php\/2026\/06\/25\/el-terminador-0231\/\">Abrir emisi\u00f3n <span>\u2192<\/span><\/a>\n                <\/div>\n              <\/article>\n                          <article class=\"etp__episode\">\n                <a class=\"etp__image\" href=\"https:\/\/terminador.es\/index.php\/2026\/06\/18\/el-terminador-0230\/\" aria-label=\"El Terminador 0230 &#8211; Universos Paralelos\">\n                  <img decoding=\"async\" width=\"1024\" height=\"576\" src=\"https:\/\/terminador.es\/wp-content\/uploads\/2026\/06\/El-Terminador-0230-1024x576.png\" class=\"attachment-large size-large wp-post-image\" alt=\"\" loading=\"lazy\" srcset=\"https:\/\/terminador.es\/wp-content\/uploads\/2026\/06\/El-Terminador-0230-1024x576.png 1024w, https:\/\/terminador.es\/wp-content\/uploads\/2026\/06\/El-Terminador-0230-300x169.png 300w, https:\/\/terminador.es\/wp-content\/uploads\/2026\/06\/El-Terminador-0230-768x432.png 768w, https:\/\/terminador.es\/wp-content\/uploads\/2026\/06\/El-Terminador-0230-1536x864.png 1536w, https:\/\/terminador.es\/wp-content\/uploads\/2026\/06\/El-Terminador-0230.png 1672w\" sizes=\"auto, (max-width: 1024px) 100vw, 1024px\" \/>                <\/a>\n                <div class=\"etp__content\">\n                  <p class=\"etp__date\">18 de junio de 2026<\/p>\n                  <h3><a href=\"https:\/\/terminador.es\/index.php\/2026\/06\/18\/el-terminador-0230\/\">El Terminador 0230 &#8211; Universos Paralelos<\/a><\/h3>\n                  <p class=\"etp__excerpt\">El Terminador 0230 Universos paralelos: una frontera entre ciencia e imaginaci\u00f3n La idea de los universos paralelos es una de las m\u00e1s fascinantes de&hellip;<\/p>\n                                      <div class=\"etp__player\"><div class=\"mmp-player mmp-player--terminador \" data-mmp-player><audio preload=\"metadata\" src=\"https:\/\/demixtapes.es\/fabulas\/ElTerminador0230.mp3\"><\/audio><button class=\"mmp-player__play\" type=\"button\" aria-label=\"Reproducir episodio\"><span aria-hidden=\"true\">\u25b6<\/span><\/button><span class=\"mmp-player__time mmp-player__elapsed\">0:00<\/span><input class=\"mmp-player__progress\" type=\"range\" min=\"0\" max=\"1000\" value=\"0\" step=\"1\" aria-label=\"Posici\u00f3n del episodio\"><span class=\"mmp-player__time mmp-player__duration\">--:--<\/span><button class=\"mmp-player__speed\" type=\"button\" aria-label=\"Velocidad de reproducci\u00f3n\">1\u00d7<\/button><\/div><\/div>\n                                    <a class=\"etp__more\" href=\"https:\/\/terminador.es\/index.php\/2026\/06\/18\/el-terminador-0230\/\">Abrir emisi\u00f3n <span>\u2192<\/span><\/a>\n                <\/div>\n              <\/article>\n                          <article class=\"etp__episode\">\n                <a class=\"etp__image\" href=\"https:\/\/terminador.es\/index.php\/2026\/06\/11\/el-terminador-0229\/\" aria-label=\"El Terminador 0229 &#8211; Segunda Venida Cristo\">\n                  <img decoding=\"async\" width=\"1024\" height=\"576\" src=\"https:\/\/terminador.es\/wp-content\/uploads\/2026\/06\/El-Terminador-0229-1024x576.png\" class=\"attachment-large size-large wp-post-image\" alt=\"\" loading=\"lazy\" srcset=\"https:\/\/terminador.es\/wp-content\/uploads\/2026\/06\/El-Terminador-0229-1024x576.png 1024w, https:\/\/terminador.es\/wp-content\/uploads\/2026\/06\/El-Terminador-0229-300x169.png 300w, https:\/\/terminador.es\/wp-content\/uploads\/2026\/06\/El-Terminador-0229-768x432.png 768w, https:\/\/terminador.es\/wp-content\/uploads\/2026\/06\/El-Terminador-0229-1536x864.png 1536w, https:\/\/terminador.es\/wp-content\/uploads\/2026\/06\/El-Terminador-0229.png 1672w\" sizes=\"auto, (max-width: 1024px) 100vw, 1024px\" \/>                <\/a>\n                <div class=\"etp__content\">\n                  <p class=\"etp__date\">11 de junio de 2026<\/p>\n                  <h3><a href=\"https:\/\/terminador.es\/index.php\/2026\/06\/11\/el-terminador-0229\/\">El Terminador 0229 &#8211; Segunda Venida Cristo<\/a><\/h3>\n                  <p class=\"etp__excerpt\">El Terminador 0229 La segunda venida de Jesucristo es una de las ense\u00f1anzas m\u00e1s importantes y esperanzadoras del cristianismo. No se trata solo de&hellip;<\/p>\n                                      <div class=\"etp__player\"><div class=\"mmp-player mmp-player--terminador \" data-mmp-player><audio preload=\"metadata\" src=\"https:\/\/demixtapes.es\/fabulas\/ElTerminador0229.mp3\"><\/audio><button class=\"mmp-player__play\" type=\"button\" aria-label=\"Reproducir episodio\"><span aria-hidden=\"true\">\u25b6<\/span><\/button><span class=\"mmp-player__time mmp-player__elapsed\">0:00<\/span><input class=\"mmp-player__progress\" type=\"range\" min=\"0\" max=\"1000\" value=\"0\" step=\"1\" aria-label=\"Posici\u00f3n del episodio\"><span class=\"mmp-player__time mmp-player__duration\">--:--<\/span><button class=\"mmp-player__speed\" type=\"button\" aria-label=\"Velocidad de reproducci\u00f3n\">1\u00d7<\/button><\/div><\/div>\n                                    <a class=\"etp__more\" href=\"https:\/\/terminador.es\/index.php\/2026\/06\/11\/el-terminador-0229\/\">Abrir emisi\u00f3n <span>\u2192<\/span><\/a>\n                <\/div>\n              <\/article>\n                          <article class=\"etp__episode\">\n                <a class=\"etp__image\" href=\"https:\/\/terminador.es\/index.php\/2026\/06\/04\/el-terminador-0228\/\" aria-label=\"El Terminador 0228 &#8211; A\u00f1o 12026 II\">\n                  <img decoding=\"async\" width=\"1024\" height=\"576\" src=\"https:\/\/terminador.es\/wp-content\/uploads\/2026\/06\/El-Terminador-0228-1024x576.png\" class=\"attachment-large size-large wp-post-image\" alt=\"\" loading=\"lazy\" srcset=\"https:\/\/terminador.es\/wp-content\/uploads\/2026\/06\/El-Terminador-0228-1024x576.png 1024w, https:\/\/terminador.es\/wp-content\/uploads\/2026\/06\/El-Terminador-0228-300x169.png 300w, https:\/\/terminador.es\/wp-content\/uploads\/2026\/06\/El-Terminador-0228-768x432.png 768w, https:\/\/terminador.es\/wp-content\/uploads\/2026\/06\/El-Terminador-0228-1536x864.png 1536w, https:\/\/terminador.es\/wp-content\/uploads\/2026\/06\/El-Terminador-0228.png 1672w\" sizes=\"auto, (max-width: 1024px) 100vw, 1024px\" \/>                <\/a>\n                <div class=\"etp__content\">\n                  <p class=\"etp__date\">4 de junio de 2026<\/p>\n                  <h3><a href=\"https:\/\/terminador.es\/index.php\/2026\/06\/04\/el-terminador-0228\/\">El Terminador 0228 &#8211; A\u00f1o 12026 II<\/a><\/h3>\n                  <p class=\"etp__excerpt\">El Terminador 0228 En su fondo m\u00e1s profundo, este relato no habla solo del futuro, sino de algo que ya nos interpela en el&hellip;<\/p>\n                                      <div class=\"etp__player\"><div class=\"mmp-player mmp-player--terminador \" data-mmp-player><audio preload=\"metadata\" src=\"https:\/\/demixtapes.es\/fabulas\/ElTerminador0228.mp3\"><\/audio><button class=\"mmp-player__play\" type=\"button\" aria-label=\"Reproducir episodio\"><span aria-hidden=\"true\">\u25b6<\/span><\/button><span class=\"mmp-player__time mmp-player__elapsed\">0:00<\/span><input class=\"mmp-player__progress\" type=\"range\" min=\"0\" max=\"1000\" value=\"0\" step=\"1\" aria-label=\"Posici\u00f3n del episodio\"><span class=\"mmp-player__time mmp-player__duration\">--:--<\/span><button class=\"mmp-player__speed\" type=\"button\" aria-label=\"Velocidad de reproducci\u00f3n\">1\u00d7<\/button><\/div><\/div>\n                                    <a class=\"etp__more\" href=\"https:\/\/terminador.es\/index.php\/2026\/06\/04\/el-terminador-0228\/\">Abrir emisi\u00f3n <span>\u2192<\/span><\/a>\n                <\/div>\n              <\/article>\n                          <article class=\"etp__episode\">\n                <a class=\"etp__image\" href=\"https:\/\/terminador.es\/index.php\/2026\/05\/28\/el-terminador-0227\/\" aria-label=\"El Terminador 0227 &#8211; A\u00f1o 12026 I\">\n                  <img decoding=\"async\" width=\"1024\" height=\"573\" src=\"https:\/\/terminador.es\/wp-content\/uploads\/2026\/05\/El-Terminador-0227-1024x573.jpg\" class=\"attachment-large size-large wp-post-image\" alt=\"\" loading=\"lazy\" srcset=\"https:\/\/terminador.es\/wp-content\/uploads\/2026\/05\/El-Terminador-0227-1024x573.jpg 1024w, https:\/\/terminador.es\/wp-content\/uploads\/2026\/05\/El-Terminador-0227-300x168.jpg 300w, https:\/\/terminador.es\/wp-content\/uploads\/2026\/05\/El-Terminador-0227-768x430.jpg 768w, https:\/\/terminador.es\/wp-content\/uploads\/2026\/05\/El-Terminador-0227-1536x860.jpg 1536w, https:\/\/terminador.es\/wp-content\/uploads\/2026\/05\/El-Terminador-0227.jpg 1600w\" sizes=\"auto, (max-width: 1024px) 100vw, 1024px\" \/>                <\/a>\n                <div class=\"etp__content\">\n                  <p class=\"etp__date\">28 de mayo de 2026<\/p>\n                  <h3><a href=\"https:\/\/terminador.es\/index.php\/2026\/05\/28\/el-terminador-0227\/\">El Terminador 0227 &#8211; A\u00f1o 12026 I<\/a><\/h3>\n                  <p class=\"etp__excerpt\">El Terminador 0227 Un relato sobre el futuro El relato est\u00e1 ambientado en el a\u00f1o 12026, en una humanidad profundamente transformada por el tiempo,&hellip;<\/p>\n                                      <div class=\"etp__player\"><div class=\"mmp-player mmp-player--terminador \" data-mmp-player><audio preload=\"metadata\" src=\"https:\/\/demixtapes.es\/fabulas\/ElTerminador0227.mp3\"><\/audio><button class=\"mmp-player__play\" type=\"button\" aria-label=\"Reproducir episodio\"><span aria-hidden=\"true\">\u25b6<\/span><\/button><span class=\"mmp-player__time mmp-player__elapsed\">0:00<\/span><input class=\"mmp-player__progress\" type=\"range\" min=\"0\" max=\"1000\" value=\"0\" step=\"1\" aria-label=\"Posici\u00f3n del episodio\"><span class=\"mmp-player__time mmp-player__duration\">--:--<\/span><button class=\"mmp-player__speed\" type=\"button\" aria-label=\"Velocidad de reproducci\u00f3n\">1\u00d7<\/button><\/div><\/div>\n                                    <a class=\"etp__more\" href=\"https:\/\/terminador.es\/index.php\/2026\/05\/28\/el-terminador-0227\/\">Abrir emisi\u00f3n <span>\u2192<\/span><\/a>\n                <\/div>\n              <\/article>\n                          <article class=\"etp__episode\">\n                <a class=\"etp__image\" href=\"https:\/\/terminador.es\/index.php\/2026\/05\/21\/el-terminador-0226\/\" aria-label=\"El Terminador 0226 &#8211; A\u00f1o 12026 0\">\n                  <img decoding=\"async\" width=\"1024\" height=\"683\" src=\"https:\/\/terminador.es\/wp-content\/uploads\/2026\/05\/El-Terminador-0226-1024x683.png\" class=\"attachment-large size-large wp-post-image\" alt=\"\" loading=\"lazy\" srcset=\"https:\/\/terminador.es\/wp-content\/uploads\/2026\/05\/El-Terminador-0226-1024x683.png 1024w, https:\/\/terminador.es\/wp-content\/uploads\/2026\/05\/El-Terminador-0226-300x200.png 300w, https:\/\/terminador.es\/wp-content\/uploads\/2026\/05\/El-Terminador-0226-768x512.png 768w, https:\/\/terminador.es\/wp-content\/uploads\/2026\/05\/El-Terminador-0226.png 1536w\" sizes=\"auto, (max-width: 1024px) 100vw, 1024px\" \/>                <\/a>\n                <div class=\"etp__content\">\n                  <p class=\"etp__date\">21 de mayo de 2026<\/p>\n                  <h3><a href=\"https:\/\/terminador.es\/index.php\/2026\/05\/21\/el-terminador-0226\/\">El Terminador 0226 &#8211; A\u00f1o 12026 0<\/a><\/h3>\n                  <p class=\"etp__excerpt\">El Terminador 0226 Dentro de 10.000 a\u00f1os\u2026 como seremos\u2026 En este episodio imaginamos c\u00f3mo podr\u00eda ser la humanidad dentro de 10.000 a\u00f1os, en el&hellip;<\/p>\n                                      <div class=\"etp__player\"><div class=\"mmp-player mmp-player--terminador \" data-mmp-player><audio preload=\"metadata\" src=\"https:\/\/demixtapes.es\/fabulas\/ElTerminador0226.mp3\"><\/audio><button class=\"mmp-player__play\" type=\"button\" aria-label=\"Reproducir episodio\"><span aria-hidden=\"true\">\u25b6<\/span><\/button><span class=\"mmp-player__time mmp-player__elapsed\">0:00<\/span><input class=\"mmp-player__progress\" type=\"range\" min=\"0\" max=\"1000\" value=\"0\" step=\"1\" aria-label=\"Posici\u00f3n del episodio\"><span class=\"mmp-player__time mmp-player__duration\">--:--<\/span><button class=\"mmp-player__speed\" type=\"button\" aria-label=\"Velocidad de reproducci\u00f3n\">1\u00d7<\/button><\/div><\/div>\n                                    <a class=\"etp__more\" href=\"https:\/\/terminador.es\/index.php\/2026\/05\/21\/el-terminador-0226\/\">Abrir emisi\u00f3n <span>\u2192<\/span><\/a>\n                <\/div>\n              <\/article>\n                          <article class=\"etp__episode\">\n                <a class=\"etp__image\" href=\"https:\/\/terminador.es\/index.php\/2026\/05\/14\/el-terminador-0225\/\" aria-label=\"El Terminador 0225 &#8211; El Anticristo\">\n                  <img decoding=\"async\" width=\"1024\" height=\"573\" src=\"https:\/\/terminador.es\/wp-content\/uploads\/2026\/04\/El-Terminador-0225-1024x573.jpg\" class=\"attachment-large size-large wp-post-image\" alt=\"\" loading=\"lazy\" srcset=\"https:\/\/terminador.es\/wp-content\/uploads\/2026\/04\/El-Terminador-0225-1024x573.jpg 1024w, https:\/\/terminador.es\/wp-content\/uploads\/2026\/04\/El-Terminador-0225-300x168.jpg 300w, https:\/\/terminador.es\/wp-content\/uploads\/2026\/04\/El-Terminador-0225-768x430.jpg 768w, https:\/\/terminador.es\/wp-content\/uploads\/2026\/04\/El-Terminador-0225-1536x860.jpg 1536w, https:\/\/terminador.es\/wp-content\/uploads\/2026\/04\/El-Terminador-0225.jpg 1600w\" sizes=\"auto, (max-width: 1024px) 100vw, 1024px\" \/>                <\/a>\n                <div class=\"etp__content\">\n                  <p class=\"etp__date\">14 de mayo de 2026<\/p>\n                  <h3><a href=\"https:\/\/terminador.es\/index.php\/2026\/05\/14\/el-terminador-0225\/\">El Terminador 0225 &#8211; El Anticristo<\/a><\/h3>\n                  <p class=\"etp__excerpt\">El Terminador 0225 El Anticristo en la sociedad actual: una lectura de discernimiento Hablar del Anticristo suele provocar dos errores opuestos: o se convierte&hellip;<\/p>\n                                      <div class=\"etp__player\"><div class=\"mmp-player mmp-player--terminador \" data-mmp-player><audio preload=\"metadata\" src=\"https:\/\/demixtapes.es\/fabulas\/ElTerminador0225.mp3\"><\/audio><button class=\"mmp-player__play\" type=\"button\" aria-label=\"Reproducir episodio\"><span aria-hidden=\"true\">\u25b6<\/span><\/button><span class=\"mmp-player__time mmp-player__elapsed\">0:00<\/span><input class=\"mmp-player__progress\" type=\"range\" min=\"0\" max=\"1000\" value=\"0\" step=\"1\" aria-label=\"Posici\u00f3n del episodio\"><span class=\"mmp-player__time mmp-player__duration\">--:--<\/span><button class=\"mmp-player__speed\" type=\"button\" aria-label=\"Velocidad de reproducci\u00f3n\">1\u00d7<\/button><\/div><\/div>\n                                    <a class=\"etp__more\" href=\"https:\/\/terminador.es\/index.php\/2026\/05\/14\/el-terminador-0225\/\">Abrir emisi\u00f3n <span>\u2192<\/span><\/a>\n                <\/div>\n              <\/article>\n                          <article class=\"etp__episode\">\n                <a class=\"etp__image\" href=\"https:\/\/terminador.es\/index.php\/2026\/04\/16\/el-terminador-0224\/\" aria-label=\"El Terminador 0224 &#8211; Utop\u00edas\">\n                  <img decoding=\"async\" width=\"1024\" height=\"573\" src=\"https:\/\/terminador.es\/wp-content\/uploads\/2026\/04\/El-Terminador-0224-1024x573.jpg\" class=\"attachment-large size-large wp-post-image\" alt=\"\" loading=\"lazy\" srcset=\"https:\/\/terminador.es\/wp-content\/uploads\/2026\/04\/El-Terminador-0224-1024x573.jpg 1024w, https:\/\/terminador.es\/wp-content\/uploads\/2026\/04\/El-Terminador-0224-300x168.jpg 300w, https:\/\/terminador.es\/wp-content\/uploads\/2026\/04\/El-Terminador-0224-768x430.jpg 768w, https:\/\/terminador.es\/wp-content\/uploads\/2026\/04\/El-Terminador-0224-1536x860.jpg 1536w, https:\/\/terminador.es\/wp-content\/uploads\/2026\/04\/El-Terminador-0224.jpg 1600w\" sizes=\"auto, (max-width: 1024px) 100vw, 1024px\" \/>                <\/a>\n                <div class=\"etp__content\">\n                  <p class=\"etp__date\">16 de abril de 2026<\/p>\n                  <h3><a href=\"https:\/\/terminador.es\/index.php\/2026\/04\/16\/el-terminador-0224\/\">El Terminador 0224 &#8211; Utop\u00edas<\/a><\/h3>\n                  <p class=\"etp__excerpt\">El Terminador 0224 Utop\u00edas: entre el sue\u00f1o de un mundo mejor y las contradicciones de nuestra civilizaci\u00f3n Hablar de utop\u00edas es, en el fondo,&hellip;<\/p>\n                                      <div class=\"etp__player\"><div class=\"mmp-player mmp-player--terminador \" data-mmp-player><audio preload=\"metadata\" src=\"https:\/\/demixtapes.es\/fabulas\/ElTerminador0224.mp3\"><\/audio><button class=\"mmp-player__play\" type=\"button\" aria-label=\"Reproducir episodio\"><span aria-hidden=\"true\">\u25b6<\/span><\/button><span class=\"mmp-player__time mmp-player__elapsed\">0:00<\/span><input class=\"mmp-player__progress\" type=\"range\" min=\"0\" max=\"1000\" value=\"0\" step=\"1\" aria-label=\"Posici\u00f3n del episodio\"><span class=\"mmp-player__time mmp-player__duration\">--:--<\/span><button class=\"mmp-player__speed\" type=\"button\" aria-label=\"Velocidad de reproducci\u00f3n\">1\u00d7<\/button><\/div><\/div>\n                                    <a class=\"etp__more\" href=\"https:\/\/terminador.es\/index.php\/2026\/04\/16\/el-terminador-0224\/\">Abrir emisi\u00f3n <span>\u2192<\/span><\/a>\n                <\/div>\n              <\/article>\n                          <article class=\"etp__episode\">\n                <a class=\"etp__image\" href=\"https:\/\/terminador.es\/index.php\/2026\/04\/09\/el-terminador-0223\/\" aria-label=\"El Terminador 0223 &#8211; Distop\u00edas\">\n                  <img decoding=\"async\" width=\"1024\" height=\"573\" src=\"https:\/\/terminador.es\/wp-content\/uploads\/2026\/04\/El-Terminador-0223-1024x573.jpg\" class=\"attachment-large size-large wp-post-image\" alt=\"\" loading=\"lazy\" srcset=\"https:\/\/terminador.es\/wp-content\/uploads\/2026\/04\/El-Terminador-0223-1024x573.jpg 1024w, https:\/\/terminador.es\/wp-content\/uploads\/2026\/04\/El-Terminador-0223-300x168.jpg 300w, https:\/\/terminador.es\/wp-content\/uploads\/2026\/04\/El-Terminador-0223-768x430.jpg 768w, https:\/\/terminador.es\/wp-content\/uploads\/2026\/04\/El-Terminador-0223-1536x860.jpg 1536w, https:\/\/terminador.es\/wp-content\/uploads\/2026\/04\/El-Terminador-0223.jpg 1600w\" sizes=\"auto, (max-width: 1024px) 100vw, 1024px\" \/>                <\/a>\n                <div class=\"etp__content\">\n                  <p class=\"etp__date\">9 de abril de 2026<\/p>\n                  <h3><a href=\"https:\/\/terminador.es\/index.php\/2026\/04\/09\/el-terminador-0223\/\">El Terminador 0223 &#8211; Distop\u00edas<\/a><\/h3>\n                  <p class=\"etp__excerpt\">El Terminador 0223 \u00bfVivimos camino a una distop\u00eda? Filosof\u00eda, literatura y crisis de la civilizaci\u00f3n contempor\u00e1nea La distop\u00eda suele entenderse como un g\u00e9nero literario&hellip;<\/p>\n                                      <div class=\"etp__player\"><div class=\"mmp-player mmp-player--terminador \" data-mmp-player><audio preload=\"metadata\" src=\"https:\/\/demixtapes.es\/fabulas\/ElTerminador0223.mp3\"><\/audio><button class=\"mmp-player__play\" type=\"button\" aria-label=\"Reproducir episodio\"><span aria-hidden=\"true\">\u25b6<\/span><\/button><span class=\"mmp-player__time mmp-player__elapsed\">0:00<\/span><input class=\"mmp-player__progress\" type=\"range\" min=\"0\" max=\"1000\" value=\"0\" step=\"1\" aria-label=\"Posici\u00f3n del episodio\"><span class=\"mmp-player__time mmp-player__duration\">--:--<\/span><button class=\"mmp-player__speed\" type=\"button\" aria-label=\"Velocidad de reproducci\u00f3n\">1\u00d7<\/button><\/div><\/div>\n                                    <a class=\"etp__more\" href=\"https:\/\/terminador.es\/index.php\/2026\/04\/09\/el-terminador-0223\/\">Abrir emisi\u00f3n <span>\u2192<\/span><\/a>\n                <\/div>\n              <\/article>\n                          <article class=\"etp__episode\">\n                <a class=\"etp__image\" href=\"https:\/\/terminador.es\/index.php\/2026\/04\/02\/el-terminador-0222\/\" aria-label=\"El Terminador 0222 &#8211; Crisis Occidente\">\n                  <img decoding=\"async\" width=\"1024\" height=\"573\" src=\"https:\/\/terminador.es\/wp-content\/uploads\/2026\/04\/El-Terminador-0222-1024x573.jpg\" class=\"attachment-large size-large wp-post-image\" alt=\"\" loading=\"lazy\" srcset=\"https:\/\/terminador.es\/wp-content\/uploads\/2026\/04\/El-Terminador-0222-1024x573.jpg 1024w, https:\/\/terminador.es\/wp-content\/uploads\/2026\/04\/El-Terminador-0222-300x168.jpg 300w, https:\/\/terminador.es\/wp-content\/uploads\/2026\/04\/El-Terminador-0222-768x430.jpg 768w, https:\/\/terminador.es\/wp-content\/uploads\/2026\/04\/El-Terminador-0222-1536x860.jpg 1536w, https:\/\/terminador.es\/wp-content\/uploads\/2026\/04\/El-Terminador-0222.jpg 1600w\" sizes=\"auto, (max-width: 1024px) 100vw, 1024px\" \/>                <\/a>\n                <div class=\"etp__content\">\n                  <p class=\"etp__date\">2 de abril de 2026<\/p>\n                  <h3><a href=\"https:\/\/terminador.es\/index.php\/2026\/04\/02\/el-terminador-0222\/\">El Terminador 0222 &#8211; Crisis Occidente<\/a><\/h3>\n                  <p class=\"etp__excerpt\">El Terminador 0222 La crisis de Occidente, disoluci\u00f3n del presente y b\u00fasqueda de un nuevo mundo Interpretamos este momento como una crisis simult\u00e1nea de&hellip;<\/p>\n                                      <div class=\"etp__player\"><div class=\"mmp-player mmp-player--terminador \" data-mmp-player><audio preload=\"metadata\" src=\"https:\/\/demixtapes.es\/fabulas\/ElTerminador0222.mp3\"><\/audio><button class=\"mmp-player__play\" type=\"button\" aria-label=\"Reproducir episodio\"><span aria-hidden=\"true\">\u25b6<\/span><\/button><span class=\"mmp-player__time mmp-player__elapsed\">0:00<\/span><input class=\"mmp-player__progress\" type=\"range\" min=\"0\" max=\"1000\" value=\"0\" step=\"1\" aria-label=\"Posici\u00f3n del episodio\"><span class=\"mmp-player__time mmp-player__duration\">--:--<\/span><button class=\"mmp-player__speed\" type=\"button\" aria-label=\"Velocidad de reproducci\u00f3n\">1\u00d7<\/button><\/div><\/div>\n                                    <a class=\"etp__more\" href=\"https:\/\/terminador.es\/index.php\/2026\/04\/02\/el-terminador-0222\/\">Abrir emisi\u00f3n <span>\u2192<\/span><\/a>\n                <\/div>\n              <\/article>\n                      <\/div>\n\n                      <nav class=\"etp__pagination\" aria-label=\"P\u00e1ginas de episodios\">\n              <span aria-current=\"page\" class=\"page-numbers current\">1<\/span>\n<a class=\"page-numbers\" href=\"https:\/\/terminador.es\/index.php\/2026\/04\/02\/el-terminador-0222\/?et_page=2\">2<\/a>\n<a class=\"page-numbers\" href=\"https:\/\/terminador.es\/index.php\/2026\/04\/02\/el-terminador-0222\/?et_page=3\">3<\/a>\n<span class=\"page-numbers dots\">&hellip;<\/span>\n<a class=\"page-numbers\" href=\"https:\/\/terminador.es\/index.php\/2026\/04\/02\/el-terminador-0222\/?et_page=20\">20<\/a>\n<a class=\"next page-numbers\" href=\"https:\/\/terminador.es\/index.php\/2026\/04\/02\/el-terminador-0222\/?et_page=2\">Siguientes \u2192<\/a>            <\/nav>\n                        <\/section>\n\n      <footer class=\"etp__footer\">\n        <span>EL TERMINADOR<\/span>\n        <span>\u00a9 2026 MUSTAF\u00c1 MOND<\/span>\n        <a href=\"#etp-inicio\">VOLVER ARRIBA \u2191<\/a>\n      <\/footer>\n    <\/div>\n    \n","protected":false},"excerpt":{"rendered":"","protected":false},"author":2,"featured_media":0,"parent":0,"menu_order":0,"comment_status":"closed","ping_status":"closed","template":"","meta":{"footnotes":""},"class_list":["post-1830","page","type-page","status-publish","hentry"],"jetpack_sharing_enabled":true,"_links":{"self":[{"href":"https:\/\/terminador.es\/index.php\/wp-json\/wp\/v2\/pages\/1830","targetHints":{"allow":["GET"]}}],"collection":[{"href":"https:\/\/terminador.es\/index.php\/wp-json\/wp\/v2\/pages"}],"about":[{"href":"https:\/\/terminador.es\/index.php\/wp-json\/wp\/v2\/types\/page"}],"author":[{"embeddable":true,"href":"https:\/\/terminador.es\/index.php\/wp-json\/wp\/v2\/users\/2"}],"replies":[{"embeddable":true,"href":"https:\/\/terminador.es\/index.php\/wp-json\/wp\/v2\/comments?post=1830"}],"version-history":[{"count":1,"href":"https:\/\/terminador.es\/index.php\/wp-json\/wp\/v2\/pages\/1830\/revisions"}],"predecessor-version":[{"id":1831,"href":"https:\/\/terminador.es\/index.php\/wp-json\/wp\/v2\/pages\/1830\/revisions\/1831"}],"wp:attachment":[{"href":"https:\/\/terminador.es\/index.php\/wp-json\/wp\/v2\/media?parent=1830"}],"curies":[{"name":"wp","href":"https:\/\/api.w.org\/{rel}","templated":true}]}}